{"id":32,"date":"2024-04-17T13:13:40","date_gmt":"2024-04-17T11:13:40","guid":{"rendered":"http:\/\/wanderverband-hessen.de\/hwghv\/?page_id=32"},"modified":"2025-04-26T13:48:55","modified_gmt":"2025-04-26T11:48:55","slug":"hwghv-gesamtverein-e-v","status":"publish","type":"page","link":"https:\/\/wanderverband-hessen.de\/hwghv\/","title":{"rendered":"HWGHV"},"content":{"rendered":"\n<style type=\"text\/css\" data-created_by=\"avia_inline_auto\" id=\"style-css-av-ldmco-51d74392208b58dd18c1fc31470289f3\">\n.avia-section.av-ldmco-51d74392208b58dd18c1fc31470289f3 .av-parallax .av-parallax-inner{\nbackground-repeat:no-repeat;\nbackground-image:url(https:\/\/wanderverband-hessen.de\/hwghv\/wp-content\/uploads\/sites\/2\/2024\/07\/Sportlich-wandern-e1720162577483.webp);\nbackground-position:50% 0%;\nbackground-attachment:scroll;\n}\n<\/style>\n<div id='av_section_1'  class='avia-section av-ldmco-51d74392208b58dd18c1fc31470289f3 main_color avia-section-default avia-no-border-styling  avia-builder-el-0  el_before_av_section  avia-builder-el-first  avia-full-stretch av-parallax-section avia-bg-style-parallax av-minimum-height av-minimum-height-100 av-height-100  container_wrap sidebar_right'  data-section-bg-repeat='stretch' data-av_minimum_height_pc='100' data-av_min_height_opt='100'><div class='av-parallax' data-avia-parallax-ratio='0.3' ><div class='av-parallax-inner main_color avia-full-stretch'><\/div><\/div><div class='container av-section-cont-open' ><main  role=\"main\" itemprop=\"mainContentOfPage\"  class='template-page content  av-content-small alpha units'><div class='post-entry post-entry-type-page post-entry-32'><div class='entry-content-wrapper clearfix'>\n\n<style type=\"text\/css\" data-created_by=\"avia_inline_auto\" id=\"style-css-av-m972u958-89755f6beb31124f80f0ba134dfc02ce\">\n#top .hr.hr-invisible.av-m972u958-89755f6beb31124f80f0ba134dfc02ce{\nheight:222px;\n}\n<\/style>\n<div  class='hr av-m972u958-89755f6beb31124f80f0ba134dfc02ce hr-invisible  avia-builder-el-1  el_before_av_one_full  avia-builder-el-first '><span class='hr-inner '><span class=\"hr-inner-style\"><\/span><\/span><\/div>\n\n<style type=\"text\/css\" data-created_by=\"avia_inline_auto\" id=\"style-css-av-ktprg-0e5f5f5a8cbb64a0a23a3ee532f2ba4f\">\n.flex_column.av-ktprg-0e5f5f5a8cbb64a0a23a3ee532f2ba4f{\nborder-width:8px;\nborder-color:#7aba48;\nborder-style:dotted;\nborder-radius:11px 11px 11px 11px;\npadding:33px 33px 33px 33px;\nbackground-color:rgba(255,255,255,0.77);\n}\n<\/style>\n<div  class='flex_column av-ktprg-0e5f5f5a8cbb64a0a23a3ee532f2ba4f av_one_full  avia-builder-el-2  el_after_av_hr  avia-builder-el-last  first flex_column_div avia-link-column av-column-link  '    data-link-column-url=\"http:\/\/wanderverband-hessen.de\/hwghv\/#next-section\"   ><a class=\"av-screen-reader-only\" href=http:\/\/wanderverband-hessen.de\/hwghv\/#next-section >Folge einem manuell hinzugef\u00fcgten Link<\/a><style type=\"text\/css\" data-created_by=\"avia_inline_auto\" id=\"style-css-av-m7xbo5ja-99686383a3beec9cb566dc0318334f81\">\n#top .av-special-heading.av-m7xbo5ja-99686383a3beec9cb566dc0318334f81{\npadding-bottom:10px;\n}\nbody .av-special-heading.av-m7xbo5ja-99686383a3beec9cb566dc0318334f81 .av-special-heading-tag .heading-char{\nfont-size:25px;\n}\n.av-special-heading.av-m7xbo5ja-99686383a3beec9cb566dc0318334f81 .av-subheading{\nfont-size:15px;\n}\n<\/style>\n<div  class='av-special-heading av-m7xbo5ja-99686383a3beec9cb566dc0318334f81 av-special-heading-h2 blockquote modern-quote modern-centered  avia-builder-el-3  avia-builder-el-no-sibling '><h2 class='av-special-heading-tag '  itemprop=\"headline\"  >Auf flotten Sohlen unterwegs<\/h2><div class=\"special-heading-border\"><div class=\"special-heading-inner-border\"><\/div><\/div><\/div><\/div>\n\n<\/div><\/div><\/main><!-- close content main element --><\/div><\/div>\n<style type=\"text\/css\" data-created_by=\"avia_inline_auto\" id=\"style-css-av-iciyk-488bca0336061327c9d3582dbf65fb42\">\n.avia-section.av-iciyk-488bca0336061327c9d3582dbf65fb42{\nbackground-color:#eeeeee;\nbackground-image:unset;\n}\n<\/style>\n<div id='av_section_2'  class='avia-section av-iciyk-488bca0336061327c9d3582dbf65fb42 main_color avia-section-default avia-no-border-styling  avia-builder-el-4  el_after_av_section  el_before_av_one_full  avia-bg-style-scroll container_wrap sidebar_right'  ><div class='container av-section-cont-open' ><div class='template-page content  av-content-small alpha units'><div class='post-entry post-entry-type-page post-entry-32'><div class='entry-content-wrapper clearfix'><\/div><\/div><\/div><!-- close content main div --><\/div><\/div><div id='after_section_2'  class='main_color av_default_container_wrap container_wrap sidebar_right'  ><div class='container av-section-cont-open' ><div class='template-page content  av-content-small alpha units'><div class='post-entry post-entry-type-page post-entry-32'><div class='entry-content-wrapper clearfix'>\n\n<style type=\"text\/css\" data-created_by=\"avia_inline_auto\" id=\"style-css-av-hg75c-6b0d3b43ffb6ab1957bcde6bab858ade\">\n.flex_column.av-hg75c-6b0d3b43ffb6ab1957bcde6bab858ade{\npadding:33px 33px 33px 33px;\n}\n<\/style>\n<div  class='flex_column av-hg75c-6b0d3b43ffb6ab1957bcde6bab858ade av_one_full  avia-builder-el-5  el_after_av_section  el_before_av_section  avia-builder-el-no-sibling  first flex_column_div  '     ><section  class='av_textblock_section av-1oc3c-b5fed237a588668125e59efdf39c0b9b '   itemscope=\"itemscope\" itemtype=\"https:\/\/schema.org\/CreativeWork\" ><div class='avia_textblock'  itemprop=\"text\" ><h3 style=\"text-align: center;\">Wir wandern, netzwerken und begeistern<\/h3>\n<p style=\"text-align: center;\">Unsere neu ausgerichteten Zweigvereine haben mit attraktiven Wanderangeboten und Ultra-Wandermarathon-Events f\u00fcr frischen Aufwind in der Vereinsgemeinschaft gesorgt. 20 Vereine z\u00e4hlen zur Familie des Hessisch-Waldeckischen Gesamtvereins. Sie alle engagieren sich \u00fcber Generationen hinweg f\u00fcr Erholung, Sport und Naturerlebnisse in der Mittelgebirgsregion GrimmHeimat NordHessen.<\/p>\n<\/div><\/section><\/div>\n<\/div><\/div><\/div><!-- close content main div --><\/div><\/div><div id='vereinsthemen'  class='avia-section av-m7yxoord-13eb3261ceeda47adb1badedc9a21df2 main_color avia-section-default avia-no-border-styling  avia-builder-el-7  el_after_av_one_full  el_before_av_section  avia-bg-style-scroll container_wrap sidebar_right'  ><div class='container av-section-cont-open' ><div class='template-page content  av-content-small alpha units'><div class='post-entry post-entry-type-page post-entry-32'><div class='entry-content-wrapper clearfix'>\n<div  class='flex_column av-gc2xo-7f08a4380f1c0a232af455735fe84d46 av_one_full  avia-builder-el-8  avia-builder-el-no-sibling  first flex_column_div  '     ><style type=\"text\/css\" data-created_by=\"avia_inline_auto\" id=\"style-css-av-elnv8-43f43f5bbe4c17ff554ec5419ae16824\">\n.avia-icon-grid-container.av-elnv8-43f43f5bbe4c17ff554ec5419ae16824 .avia-icongrid{\njustify-content:space-between;\nrow-gap:12px;\n}\n.avia-icon-grid-container.av-elnv8-43f43f5bbe4c17ff554ec5419ae16824 li.av-icon-cell-item{\nflex-basis:calc(50% - 6px);\n}\n.avia-icon-grid-container.av-elnv8-43f43f5bbe4c17ff554ec5419ae16824 .avia-icongrid-wrapper .article-icon-entry{\nbackground-color:#7aba48;\n}\n.avia-icon-grid-container.av-elnv8-43f43f5bbe4c17ff554ec5419ae16824 .avia-icongrid-wrapper .avia-icongrid-front .avia-icongrid-inner{\npadding:px px px px;\n}\n.avia-icon-grid-container.av-elnv8-43f43f5bbe4c17ff554ec5419ae16824 .avia-icongrid-wrapper .avia-icongrid-content{\nbackground-color:#e6e6e6;\n}\n.avia-icon-grid-container.av-elnv8-43f43f5bbe4c17ff554ec5419ae16824 .avia-icongrid-wrapper .avia-icongrid-content .avia-icongrid-inner{\npadding:px px px px;\n}\n.avia-icon-grid-container.av-elnv8-43f43f5bbe4c17ff554ec5419ae16824 .avia-icongrid-wrapper .avia-icongrid-flipback{\nbackground-color:#e6e6e6;\n}\n.avia-icon-grid-container.av-elnv8-43f43f5bbe4c17ff554ec5419ae16824 .avia-icongrid-wrapper .avia-icongrid-flipback .avia-icongrid-inner{\npadding:px px px px;\n}\n\n@media only screen and (min-width: 768px) and (max-width: 989px){ \n#top .avia-icon-grid-container.av-elnv8-43f43f5bbe4c17ff554ec5419ae16824 .avia-icongrid.av-flex-cells.av-can-break-50.av-50-break-989 li{\nflex:0 1 calc(50% - 6px);\n}\n}\n\n@media only screen and (max-width: 767px){ \n#top .avia-icon-grid-container.av-elnv8-43f43f5bbe4c17ff554ec5419ae16824 .avia-icongrid.av-flex-cells.av-can-break-50.av-50-break-767 li{\nflex:0 1 calc(50% - 6px);\n}\n}\n<\/style>\n<div  class='avia-icon-grid-container av-elnv8-43f43f5bbe4c17ff554ec5419ae16824  avia-builder-el-9  avia-builder-el-no-sibling ' ><ul id='avia-icongrid-69ef6b55b0b18' class='avia-icongrid clearfix avia_animate_when_almost_visible avia-icongrid-tooltip avia-icongrid-numrow-2 avia-cell-space-between av-flex-cells av-break-989'>\n<li class='av-icon-cell-item av-row-with-2-cells av-row-nr-1 av-cell-1 av-first-cell-row av-first-cell-item'><div class='avia-icongrid-wrapper av-e2n80-f89d63cf8131afbd6a466017110dc462'><article class='article-icon-entry '  itemscope=\"itemscope\" itemtype=\"https:\/\/schema.org\/CreativeWork\" ><div class='avia-icongrid-front '><div class=\"avia-icongrid-inner\"><div class='avia-icongrid-icon'><span class='icongrid-char avia-iconfont avia-font-entypo-fontello' data-av_icon='\ue87b' data-av_iconfont='entypo-fontello' ><\/span><\/div><header class=\"entry-content-header\" aria-label=\"Icon: Wandern\"><h4 class='av_icongrid_title icongrid_title '  itemprop=\"headline\" >Wandern<\/h4><h6 class='av_icongrid_subtitle icongrid_subtitle' ><p>Wir f\u00f6rdern das Wandern im Verein, in allen Altersklassen.<\/p>\n<\/h6><\/header><\/div><\/div><div class='avia-icongrid-content' data-class-flipback=''><div class=\"avia-icongrid-inner\"><div class='avia-icongrid-text'  itemprop=\"text\" ><h5>Wanderprogramme<br \/>\nim HWGHV<\/h5>\n<p>Sportwandern, Genusswandern, Wandern mit Hund, Singlewandern, Feierabendtouren, Themenwanderungen, Entdeckertouren, u.v.m.<\/p>\n<\/div><\/div><\/div><\/article><\/div><\/li>\n<li class='av-icon-cell-item av-row-with-2-cells av-row-nr-1 av-cell-2 av-first-cell-row av-last-cell-item'><div class='avia-icongrid-wrapper av-dmjd0-9f90cb1304ec8c60a7693434437b9131'><article class='article-icon-entry '  itemscope=\"itemscope\" itemtype=\"https:\/\/schema.org\/CreativeWork\" ><div class='avia-icongrid-front '><div class=\"avia-icongrid-inner\"><div class='avia-icongrid-icon'><span class='icongrid-char avia-iconfont avia-font-entypo-fontello' data-av_icon='\ue87b' data-av_iconfont='entypo-fontello' ><\/span><\/div><header class=\"entry-content-header\" aria-label=\"Icon: Wege\"><h4 class='av_icongrid_title icongrid_title '  itemprop=\"headline\" >Wege<\/h4><h6 class='av_icongrid_subtitle icongrid_subtitle' ><p>Wir k\u00fcmmern uns ehrenamtlich um ca. 4.500 Kilometer markierte Wanderwege.<\/p>\n<\/h6><\/header><\/div><\/div><div class='avia-icongrid-content' data-class-flipback=''><div class=\"avia-icongrid-inner\"><div class='avia-icongrid-text'  itemprop=\"text\" ><h5><strong>Aufgaben des Wegemanagements<br \/>\nim HWGHV<\/strong><\/h5>\n<p>Wegemarkierungen, Wanderwegeplanungen, Bestandsanalysen von Qualit\u00e4tswegen, Wegezeichner-Schulungen, etc.<\/p>\n<\/div><\/div><\/div><\/article><\/div><\/li>\n<li class='av-icon-cell-item av-row-with-2-cells av-row-nr-2 av-cell-1 av-next-cell-row av-first-cell-item'><div class='avia-icongrid-wrapper av-cvjr8-680dedf6b151af95fa0e480a4218047c'><article class='article-icon-entry '  itemscope=\"itemscope\" itemtype=\"https:\/\/schema.org\/CreativeWork\" ><div class='avia-icongrid-front '><div class=\"avia-icongrid-inner\"><div class='avia-icongrid-icon'><span class='icongrid-char avia-iconfont avia-font-entypo-fontello' data-av_icon='\ue87b' data-av_iconfont='entypo-fontello' ><\/span><\/div><header class=\"entry-content-header\" aria-label=\"Icon: Kultur\"><h4 class='av_icongrid_title icongrid_title '  itemprop=\"headline\" >Kultur<\/h4><h6 class='av_icongrid_subtitle icongrid_subtitle' ><p>Veranstaltungen, Wanderevents, Exkursionen, Denkmalpflege, u.v.m.<\/p>\n<\/h6><\/header><\/div><\/div><div class='avia-icongrid-content' data-class-flipback=''><div class=\"avia-icongrid-inner\"><div class='avia-icongrid-text'  itemprop=\"text\" ><h5>Kultur-Engagement<br \/>\nim HWGHV<\/h5>\n<p>erbringen wir f\u00fcr Land und Leute, f\u00fcr den Tourismus und die Denkm\u00e4ler in unserer Heimat.<\/p>\n<\/div><\/div><\/div><\/article><\/div><\/li>\n<li class='av-icon-cell-item av-row-with-2-cells av-row-nr-2 av-cell-2 av-next-cell-row av-last-cell-item'><div class='avia-icongrid-wrapper av-c99wk-e32eacf2189d0b580efd0cbadc5fd52d'><article class='article-icon-entry '  itemscope=\"itemscope\" itemtype=\"https:\/\/schema.org\/CreativeWork\" ><div class='avia-icongrid-front '><div class=\"avia-icongrid-inner\"><div class='avia-icongrid-icon'><span class='icongrid-char avia-iconfont avia-font-entypo-fontello' data-av_icon='\ue87b' data-av_iconfont='entypo-fontello' ><\/span><\/div><header class=\"entry-content-header\" aria-label=\"Icon: Naturschutz\"><h4 class='av_icongrid_title icongrid_title '  itemprop=\"headline\" >Naturschutz<\/h4><h6 class='av_icongrid_subtitle icongrid_subtitle' ><p>Aktiver Naturschutz liegt uns sehr am Herzen im HWGHV \u2013 darum k\u00fcmmern wir uns.<\/p>\n<\/h6><\/header><\/div><\/div><div class='avia-icongrid-content' data-class-flipback=''><div class=\"avia-icongrid-inner\"><div class='avia-icongrid-text'  itemprop=\"text\" ><h5>NATURERHALT gro\u00dfgeschrieben<br \/>\nim HWGHV<\/h5>\n<p>Besucherlenkung auf den Wanderwegen, Naturschutz-Aktionen und -Exkursionen, Stellungnahmen zu Bauvorhaben der St\u00e4dte und Gemeinden, etc.<\/p>\n<\/div><\/div><\/div><\/article><\/div><\/li>\n<\/ul><\/div><\/div>\n\n<\/div><\/div><\/div><!-- close content main div --><\/div><\/div><div id='aktuell'  class='avia-section av-m7yxr044-923a3364bc589c188b92fe2e0ff74fdb main_color avia-section-default avia-no-border-styling  avia-builder-el-10  el_after_av_section  el_before_av_section  avia-bg-style-scroll container_wrap sidebar_right'  ><div class='container av-section-cont-open' ><div class='template-page content  av-content-small alpha units'><div class='post-entry post-entry-type-page post-entry-32'><div class='entry-content-wrapper clearfix'>\n\n<style type=\"text\/css\" data-created_by=\"avia_inline_auto\" id=\"style-css-av-m7xespkd-0efd7289c44439e77a44736d71ad40ee\">\n#top .av-special-heading.av-m7xespkd-0efd7289c44439e77a44736d71ad40ee{\npadding-bottom:10px;\n}\nbody .av-special-heading.av-m7xespkd-0efd7289c44439e77a44736d71ad40ee .av-special-heading-tag .heading-char{\nfont-size:25px;\n}\n.av-special-heading.av-m7xespkd-0efd7289c44439e77a44736d71ad40ee .av-subheading{\nfont-size:15px;\n}\n<\/style>\n<div  class='av-special-heading av-m7xespkd-0efd7289c44439e77a44736d71ad40ee av-special-heading-h2 blockquote modern-quote modern-centered  avia-builder-el-11  el_before_av_postslider  avia-builder-el-first '><h2 class='av-special-heading-tag '  itemprop=\"headline\"  >Aktuell informiert<\/h2><div class=\"special-heading-border\"><div class=\"special-heading-inner-border\"><\/div><\/div><\/div>\n<div  data-slideshow-options=\"{&quot;animation&quot;:&quot;fade&quot;,&quot;autoplay&quot;:false,&quot;loop_autoplay&quot;:&quot;once&quot;,&quot;interval&quot;:&quot;5&quot;,&quot;loop_manual&quot;:&quot;manual-endless&quot;,&quot;autoplay_stopper&quot;:false,&quot;noNavigation&quot;:false,&quot;show_slide_delay&quot;:90}\" class='avia-content-slider avia-content-slider-active avia-content-slider1 avia-content-slider-even  avia-builder-el-12  el_after_av_heading  avia-builder-el-last  av-slideshow-ui av-control-default   av-no-slider-navigation av-slideshow-manual av-loop-once av-loop-manual-endless '  itemscope=\"itemscope\" itemtype=\"https:\/\/schema.org\/Blog\" ><div class=\"avia-content-slider-inner\"><div class=\"slide-entry-wrap\"><article class='slide-entry flex_column  post-entry post-entry-963 slide-entry-overview slide-loop-1 slide-parity-odd  av_one_half first real-thumbnail posttype-post post-format-standard'  itemscope=\"itemscope\" itemtype=\"https:\/\/schema.org\/CreativeWork\" ><a href='https:\/\/wanderverband-hessen.de\/hwghv\/2025\/03\/06\/blog-55\/' data-rel='slide-1' class='slide-image' title='Blog 55'><img decoding=\"async\" fetchpriority=\"high\" width=\"495\" height=\"400\" src=\"https:\/\/wanderverband-hessen.de\/hwghv\/wp-content\/uploads\/sites\/2\/2024\/07\/Wandern-DSC7796-495x400.webp\" class=\"wp-image-774 avia-img-lazy-loading-not-774 attachment-portfolio size-portfolio wp-post-image\" alt=\"Wir wandern regelm\u00e4\u00dfig\" srcset=\"https:\/\/wanderverband-hessen.de\/hwghv\/wp-content\/uploads\/sites\/2\/2024\/07\/Wandern-DSC7796-495x400.webp 495w, https:\/\/wanderverband-hessen.de\/hwghv\/wp-content\/uploads\/sites\/2\/2024\/07\/Wandern-DSC7796-845x684.webp 845w\" sizes=\"(max-width: 495px) 100vw, 495px\" \/><small class='avia-copyright'>Michael Martin-Leck<\/small><\/a><div class=\"slide-content\"><header class=\"entry-content-header\" aria-label=\"Slide: Blog 55\"><h3 class='slide-entry-title entry-title '  itemprop=\"headline\" ><a href='https:\/\/wanderverband-hessen.de\/hwghv\/2025\/03\/06\/blog-55\/' title='Blog 55'>Blog 55<\/a><\/h3><span class=\"av-vertical-delimiter\"><\/span><\/header><div class=\"slide-meta\"><time class='slide-meta-time updated'  itemprop=\"datePublished\" datetime=\"2025-03-06T14:42:46+01:00\" >6. M\u00e4rz 2025<\/time><div class=\"slide-meta-del\">\/<\/div><div class=\"slide-meta-comments\"><a href='https:\/\/wanderverband-hessen.de\/hwghv\/2025\/03\/06\/blog-55\/#respond'>0 Kommentare<\/a><\/div><\/div><div class='slide-entry-excerpt entry-content'  itemprop=\"text\" >\n\n<\/div><\/div><footer class=\"entry-footer\"><\/footer><span class='hidden'>\n\t\t\t\t<span class='av-structured-data'  itemprop=\"image\" itemscope=\"itemscope\" itemtype=\"https:\/\/schema.org\/ImageObject\" >\n\t\t\t\t\t\t<span itemprop='url'>https:\/\/wanderverband-hessen.de\/hwghv\/wp-content\/uploads\/sites\/2\/2024\/07\/Wandern-DSC7796.webp<\/span>\n\t\t\t\t\t\t<span itemprop='height'>1320<\/span>\n\t\t\t\t\t\t<span itemprop='width'>1078<\/span>\n\t\t\t\t<\/span>\n\t\t\t\t<span class='av-structured-data'  itemprop=\"publisher\" itemtype=\"https:\/\/schema.org\/Organization\" itemscope=\"itemscope\" >\n\t\t\t\t\t\t<span itemprop='name'>michaelmartinleck<\/span>\n\t\t\t\t\t\t<span itemprop='logo' itemscope itemtype='https:\/\/schema.org\/ImageObject'>\n\t\t\t\t\t\t\t<span itemprop='url'>http:\/\/wanderverband-hessen.de\/hwghv\/wp-content\/uploads\/sites\/2\/2024\/07\/wvh-hwghv_logo_.svg<\/span>\n\t\t\t\t\t\t<\/span>\n\t\t\t\t<\/span><span class='av-structured-data'  itemprop=\"author\" itemscope=\"itemscope\" itemtype=\"https:\/\/schema.org\/Person\" ><span itemprop='name'>michaelmartinleck<\/span><\/span><span class='av-structured-data'  itemprop=\"datePublished\" datetime=\"2024-04-17T13:13:40+02:00\" >2025-03-06 14:42:46<\/span><span class='av-structured-data'  itemprop=\"dateModified\" itemtype=\"https:\/\/schema.org\/dateModified\" >2025-03-06 14:47:43<\/span><span class='av-structured-data'  itemprop=\"mainEntityOfPage\" itemtype=\"https:\/\/schema.org\/mainEntityOfPage\" ><span itemprop='name'>Blog 55<\/span><\/span><\/span><\/article><article class='slide-entry flex_column  post-entry post-entry-839 slide-entry-overview slide-loop-2 slide-parity-even  post-entry-last  av_one_half  real-thumbnail posttype-post post-format-standard'  itemscope=\"itemscope\" itemtype=\"https:\/\/schema.org\/CreativeWork\" ><a href='https:\/\/wanderverband-hessen.de\/hwghv\/2024\/07\/23\/premiumwandern-im-geo-naturpark-frau-holle-land\/' data-rel='slide-1' class='slide-image' title='Premium-Wandern im sch\u00f6nen Frau-Holle-Land'><img decoding=\"async\" fetchpriority=\"high\" width=\"495\" height=\"400\" src=\"https:\/\/wanderverband-hessen.de\/hwghv\/wp-content\/uploads\/sites\/2\/2024\/07\/Wandern-Nordhessen-P2-495x400.webp\" class=\"wp-image-842 avia-img-lazy-loading-not-842 attachment-portfolio size-portfolio wp-post-image\" alt=\"Premiumwandern im Geo-Naturpark Frau-Holle-Land\" srcset=\"https:\/\/wanderverband-hessen.de\/hwghv\/wp-content\/uploads\/sites\/2\/2024\/07\/Wandern-Nordhessen-P2-495x400.webp 495w, https:\/\/wanderverband-hessen.de\/hwghv\/wp-content\/uploads\/sites\/2\/2024\/07\/Wandern-Nordhessen-P2-845x684.webp 845w\" sizes=\"(max-width: 495px) 100vw, 495px\" \/><small class='avia-copyright'>Michael Martin-Leck<\/small><\/a><div class=\"slide-content\"><header class=\"entry-content-header\" aria-label=\"Slide: Premium-Wandern im sch\u00f6nen Frau-Holle-Land\"><h3 class='slide-entry-title entry-title '  itemprop=\"headline\" ><a href='https:\/\/wanderverband-hessen.de\/hwghv\/2024\/07\/23\/premiumwandern-im-geo-naturpark-frau-holle-land\/' title='Premium-Wandern im sch\u00f6nen Frau-Holle-Land'>Premium-Wandern im sch\u00f6nen Frau-Holle-Land<\/a><\/h3><span class=\"av-vertical-delimiter\"><\/span><\/header><div class=\"slide-meta\"><time class='slide-meta-time updated'  itemprop=\"datePublished\" datetime=\"2024-07-23T14:20:29+02:00\" >23. Juli 2024<\/time><div class=\"slide-meta-del\">\/<\/div><div class=\"slide-meta-comments\"><a href='https:\/\/wanderverband-hessen.de\/hwghv\/2024\/07\/23\/premiumwandern-im-geo-naturpark-frau-holle-land\/#respond'>0 Kommentare<\/a><\/div><\/div><div class='slide-entry-excerpt entry-content'  itemprop=\"text\" >\n\n\n\n\n\n\n\n<\/div><\/div><footer class=\"entry-footer\"><\/footer><span class='hidden'>\n\t\t\t\t<span class='av-structured-data'  itemprop=\"image\" itemscope=\"itemscope\" itemtype=\"https:\/\/schema.org\/ImageObject\" >\n\t\t\t\t\t\t<span itemprop='url'>https:\/\/wanderverband-hessen.de\/hwghv\/wp-content\/uploads\/sites\/2\/2024\/07\/Wandern-Nordhessen-P2.webp<\/span>\n\t\t\t\t\t\t<span itemprop='height'>1320<\/span>\n\t\t\t\t\t\t<span itemprop='width'>1980<\/span>\n\t\t\t\t<\/span>\n\t\t\t\t<span class='av-structured-data'  itemprop=\"publisher\" itemtype=\"https:\/\/schema.org\/Organization\" itemscope=\"itemscope\" >\n\t\t\t\t\t\t<span itemprop='name'>admin<\/span>\n\t\t\t\t\t\t<span itemprop='logo' itemscope itemtype='https:\/\/schema.org\/ImageObject'>\n\t\t\t\t\t\t\t<span itemprop='url'>http:\/\/wanderverband-hessen.de\/hwghv\/wp-content\/uploads\/sites\/2\/2024\/07\/wvh-hwghv_logo_.svg<\/span>\n\t\t\t\t\t\t<\/span>\n\t\t\t\t<\/span><span class='av-structured-data'  itemprop=\"author\" itemscope=\"itemscope\" itemtype=\"https:\/\/schema.org\/Person\" ><span itemprop='name'>admin<\/span><\/span><span class='av-structured-data'  itemprop=\"datePublished\" datetime=\"2024-04-17T13:13:40+02:00\" >2024-07-23 14:20:29<\/span><span class='av-structured-data'  itemprop=\"dateModified\" itemtype=\"https:\/\/schema.org\/dateModified\" >2025-03-06 13:25:05<\/span><span class='av-structured-data'  itemprop=\"mainEntityOfPage\" itemtype=\"https:\/\/schema.org\/mainEntityOfPage\" ><span itemprop='name'>Premium-Wandern im sch\u00f6nen Frau-Holle-Land<\/span><\/span><\/span><\/article><\/div><\/div><\/div>\n\n<\/div><\/div><\/div><!-- close content main div --><\/div><\/div>\n<style type=\"text\/css\" data-created_by=\"avia_inline_auto\" id=\"style-css-av-m7yxuy5z-f3c3d6c598db4277fe038a3f7a05602c\">\n.avia-section.av-m7yxuy5z-f3c3d6c598db4277fe038a3f7a05602c{\nbackground-color:#b2d694;\nbackground-image:unset;\n}\n<\/style>\n<div id='profil'  class='avia-section av-m7yxuy5z-f3c3d6c598db4277fe038a3f7a05602c main_color avia-section-default avia-no-border-styling  avia-builder-el-13  el_after_av_section  el_before_av_layout_row  avia-bg-style-scroll container_wrap sidebar_right'  ><div class='container av-section-cont-open' ><div class='template-page content  av-content-small alpha units'><div class='post-entry post-entry-type-page post-entry-32'><div class='entry-content-wrapper clearfix'>\n\n<style type=\"text\/css\" data-created_by=\"avia_inline_auto\" id=\"style-css-av-m7yy1uib-819b87b5521299d6ff59de317f0ceeac\">\n.flex_column.av-m7yy1uib-819b87b5521299d6ff59de317f0ceeac{\nborder-width:8px;\nborder-color:rgba(255,255,255,0.55);\nborder-style:dotted;\nborder-radius:22px 22px 22px 22px;\npadding:33px 33px 33px 33px;\n}\n<\/style>\n<div  class='flex_column av-m7yy1uib-819b87b5521299d6ff59de317f0ceeac av_one_full  avia-builder-el-14  avia-builder-el-no-sibling  first flex_column_div  '     ><style type=\"text\/css\" data-created_by=\"avia_inline_auto\" id=\"style-css-av-m7yxukd2-cc6abda1e36be45a6c39948fe19daf26\">\n#top .av-special-heading.av-m7yxukd2-cc6abda1e36be45a6c39948fe19daf26{\npadding-bottom:10px;\n}\nbody .av-special-heading.av-m7yxukd2-cc6abda1e36be45a6c39948fe19daf26 .av-special-heading-tag .heading-char{\nfont-size:25px;\n}\n.av-special-heading.av-m7yxukd2-cc6abda1e36be45a6c39948fe19daf26 .av-subheading{\nfont-size:15px;\n}\n<\/style>\n<div  class='av-special-heading av-m7yxukd2-cc6abda1e36be45a6c39948fe19daf26 av-special-heading-h2 blockquote modern-quote modern-centered  avia-builder-el-15  avia-builder-el-no-sibling '><h2 class='av-special-heading-tag '  itemprop=\"headline\"  >Das macht uns aus<\/h2><div class=\"special-heading-border\"><div class=\"special-heading-inner-border\"><\/div><\/div><\/div><\/div>\n\n<\/div><\/div><\/div><!-- close content main div --><\/div><\/div><div id='av-layout-grid-1'  class='av-layout-grid-container av-6pdgc-d09d3fac8682ac093f34b4240e5444d8 entry-content-wrapper main_color av-flex-cells av-break-at-tablet  avia-builder-el-16  el_after_av_section  el_before_av_one_full  av-grid-order-individual av-cell-min-height av-cell-min-height-20 grid-row-not-first  container_wrap sidebar_right'   data-av_minimum_height_pc='20'>\n\n<style type=\"text\/css\" data-created_by=\"avia_inline_auto\" id=\"style-css-av-63gpw-ad802f8aac2ef2725ec215bc1eeaeef7\">\n.flex_cell.av-63gpw-ad802f8aac2ef2725ec215bc1eeaeef7{\nvertical-align:top;\norder:0;\n}\n.responsive #top #wrap_all .flex_cell.av-63gpw-ad802f8aac2ef2725ec215bc1eeaeef7{\npadding:55px 55px 55px 55px !important;\n}\n<\/style>\n<div class='flex_cell av-63gpw-ad802f8aac2ef2725ec215bc1eeaeef7 av-gridrow-cell av_one_full no_margin  avia-builder-el-17  avia-builder-el-no-sibling  content-align-top'  ><div class='flex_cell_inner'><p>\n<style type=\"text\/css\" data-created_by=\"avia_inline_auto\" id=\"style-css-av-5jehw-02526fd8d7924f53915cb601cea58582\">\n#top .av-special-heading.av-5jehw-02526fd8d7924f53915cb601cea58582{\npadding-bottom:10px;\n}\nbody .av-special-heading.av-5jehw-02526fd8d7924f53915cb601cea58582 .av-special-heading-tag .heading-char{\nfont-size:25px;\n}\n.av-special-heading.av-5jehw-02526fd8d7924f53915cb601cea58582 .av-subheading{\nfont-size:15px;\n}\n<\/style>\n<div  class='av-special-heading av-5jehw-02526fd8d7924f53915cb601cea58582 av-special-heading-h3  avia-builder-el-18  el_before_av_one_full  avia-builder-el-first '><h3 class='av-special-heading-tag '  itemprop=\"headline\"  >Engagement f\u00fcr Tourismus und Naherholung seit 1883<\/h3><div class=\"special-heading-border\"><div class=\"special-heading-inner-border\"><\/div><\/div><\/div><br \/>\n<div  class='flex_column av-4wj70-06005373fa2c7c86a9772512bce466c7 av_one_full  avia-builder-el-19  el_after_av_heading  el_before_av_heading  first flex_column_div  '     ><section  class='av_textblock_section av-4i67w-244816a72e2362ed6d0e8307c1cae4ee '   itemscope=\"itemscope\" itemtype=\"https:\/\/schema.org\/CreativeWork\" ><div class='avia_textblock'  itemprop=\"text\" ><p>Seit Gr\u00fcndung des Niederhessischen Touristenvereins Cassel \u2013 am 27. August 1883 \u2013 unterst\u00fctzen die HWGHV-Zweigvereine den regionalen Tourismus und die Naherholung im n\u00f6rdlichen Hessen.<\/p>\n<blockquote>\n<p>Im Herzen des UNESCO Weltkulturerbe Bergpark Wilhelmsh\u00f6he<\/p>\n<\/blockquote>\n<p>Der Bergpark Wilhelmsh\u00f6he in der nordhessischen Gro\u00dfstadt Kassel ist mit einer Fl\u00e4che von 2,4 Quadratkilometern der gr\u00f6\u00dfte Bergpark in Europa und ein Landschaftspark von Weltgeltung. Seit der Ernennung im Jahr 2013 zum Weltkulturerbe erfreut sich die Stadt Kassel und die GrimmHeimat Nordhessen \u00fcber gestiegene \u00dcbernachtungszahlen.<\/p>\n<p>Der HWGHV Gesamtverein hat mit vielen Tourismusorganisationen und Naturparken Kooperationen geschlossen und unterst\u00fctzt mit seinen Mitgliedern und Engagierten Helfern bei der Aufrechterhaltung der Wanderwegeinfrastruktur.<\/p>\n<\/div><\/section><\/div>\n<style type=\"text\/css\" data-created_by=\"avia_inline_auto\" id=\"style-css-av-33j84-f8054b28c22468590c3b3c6dab019df9\">\n#top .av-special-heading.av-33j84-f8054b28c22468590c3b3c6dab019df9{\npadding-bottom:10px;\n}\nbody .av-special-heading.av-33j84-f8054b28c22468590c3b3c6dab019df9 .av-special-heading-tag .heading-char{\nfont-size:25px;\n}\n.av-special-heading.av-33j84-f8054b28c22468590c3b3c6dab019df9 .av-subheading{\nfont-size:15px;\n}\n<\/style>\n<div  class='av-special-heading av-33j84-f8054b28c22468590c3b3c6dab019df9 av-special-heading-h3  avia-builder-el-21  el_after_av_one_full  el_before_av_one_full '><h3 class='av-special-heading-tag '  itemprop=\"headline\"  >Markierungen der Wanderwege<\/h3><div class=\"special-heading-border\"><div class=\"special-heading-inner-border\"><\/div><\/div><\/div><br \/>\n<div  class='flex_column av-2lmmk-86ec4b00ede4f6b7264023e44259ae5c av_one_full  avia-builder-el-22  el_after_av_heading  el_before_av_one_full  first flex_column_div  '     ><section  class='av_textblock_section av-2aie8-27cd976a0a775c2c2f7e874beae0c26a '   itemscope=\"itemscope\" itemtype=\"https:\/\/schema.org\/CreativeWork\" ><div class='avia_textblock'  itemprop=\"text\" ><p>Von den ca. 9.000 km markierten Wanderwegen in der GrimmHeimat NordHessen befinden sich etwa die H\u00e4lfte in der Zust\u00e4ndigkeit des HWGHV Gesamtverein e.V. Hierbei handelt es sich um die &#8222;X-Wege&#8220; und &#8222;Buchstaben-Wege&#8220;. Diese sind historische Durchgangswanderstrecken, einst angelegt und gepflegt von den Wandervereinen. Hinzu kommen noch Touristische Wanderwege und Themenwege der Kooperationspartner:<\/p>\n<ul>\n<li>Landkreis Kassel<\/li>\n<li>Naturpark Habichtswald<\/li>\n<li>Geo-Naturpark Frau-Holle-Land<\/li>\n<li>weitere St\u00e4dte und Gemeinden<\/li>\n<\/ul>\n<blockquote>\n<p>5.000 km Wanderwege werden von den HWGHV-Wegezeichner*innen markiert<\/p>\n<\/blockquote>\n<p>In den St\u00e4dten, Gemeinden und Tourismus-Organisationen ist man sich einig, dass die wertvolle HWGHV-Wanderwegearbeit von gro\u00dfer Bedeutung f\u00fcr die Region ist und der nachhaltigen Qualit\u00e4tssicherung dient.<\/p>\n<\/div><\/section><\/div><div  class='flex_column av-2j19g-9953cfc0d10b730062613bab388f5713 av_one_full  avia-builder-el-24  el_after_av_one_full  avia-builder-el-last  first flex_column_div  column-top-margin'     ><p>\n<style type=\"text\/css\" data-created_by=\"avia_inline_auto\" id=\"style-css-av-m7yzivdi-222f5a93cafc361bb7b83ef613024aca\">\n#top .av-special-heading.av-m7yzivdi-222f5a93cafc361bb7b83ef613024aca{\npadding-bottom:10px;\n}\nbody .av-special-heading.av-m7yzivdi-222f5a93cafc361bb7b83ef613024aca .av-special-heading-tag .heading-char{\nfont-size:25px;\n}\n.av-special-heading.av-m7yzivdi-222f5a93cafc361bb7b83ef613024aca .av-subheading{\nfont-size:15px;\n}\n<\/style>\n<div  class='av-special-heading av-m7yzivdi-222f5a93cafc361bb7b83ef613024aca av-special-heading-h3  avia-builder-el-25  el_before_av_textblock  avia-builder-el-first '><h3 class='av-special-heading-tag '  itemprop=\"headline\"  >Ausbildung<\/h3><div class=\"special-heading-border\"><div class=\"special-heading-inner-border\"><\/div><\/div><\/div><br \/>\n<section  class='av_textblock_section av-1zbrs-7103078ac6d7b3d6d10d8b4440eaa261 '   itemscope=\"itemscope\" itemtype=\"https:\/\/schema.org\/CreativeWork\" ><div class='avia_textblock'  itemprop=\"text\" ><p>Die HWGHV Aus- und Fortbildungen rund um das Wandern umfassen:<\/p>\n<ul>\n<li>Wanderf\u00fchrenden-Grundausbildung<\/li>\n<li>Ausbildungen zum zertifizierten DWV-Wanderf\u00fchrer*in \u00ae, DWV-Schulwanderf\u00fchrer*in\u00ae und DWV-Gesundheitswanderf\u00fchrer*in\u00ae (in Kooperation mit der SGV Wanderakademie NRW)<\/li>\n<li>Kurse und Workshops f\u00fcr die Outdoor-Navigation<\/li>\n<li>Seminare zur Digitalisierung von Wanderwegen<\/li>\n<li>Schulungen zum Anbringen und Zeichnen von Wegemarkierungen<\/li>\n<\/ul>\n<p>Alle Ausbildungsangebote richten sich an Vereinsmitglieder, Tourismusorganisationen, St\u00e4dte und Gemeinden sowie an alle Interessierten ohne Vereinszugeh\u00f6rigkeit.<\/p>\n<\/div><\/section><\/p><\/div><\/p>\n<\/div><\/div><\/div><div id='after_grid_row_1'  class='main_color av_default_container_wrap container_wrap sidebar_right'  ><div class='container av-section-cont-open' ><div class='template-page content  av-content-small alpha units'><div class='post-entry post-entry-type-page post-entry-32'><div class='entry-content-wrapper clearfix'><div  class='flex_column av-1qhk8-efe1d321c6592ab136b2259c0c22a4f9 av_one_full  avia-builder-el-27  el_after_av_layout_row  el_before_av_section  avia-builder-el-no-sibling  first flex_column_div  '     ><p>\n<style type=\"text\/css\" data-created_by=\"avia_inline_auto\" id=\"style-css-av-m7yzl7h4-5e075fb1419b0bb876f7e8e7a62bd853\">\n#top .av-special-heading.av-m7yzl7h4-5e075fb1419b0bb876f7e8e7a62bd853{\npadding-bottom:10px;\n}\nbody .av-special-heading.av-m7yzl7h4-5e075fb1419b0bb876f7e8e7a62bd853 .av-special-heading-tag .heading-char{\nfont-size:25px;\n}\n.av-special-heading.av-m7yzl7h4-5e075fb1419b0bb876f7e8e7a62bd853 .av-subheading{\nfont-size:15px;\n}\n<\/style>\n<div  class='av-special-heading av-m7yzl7h4-5e075fb1419b0bb876f7e8e7a62bd853 av-special-heading-h3  avia-builder-el-28  el_before_av_textblock  avia-builder-el-first '><h3 class='av-special-heading-tag '  itemprop=\"headline\"  >Unsere sportlichen Wanderevents in 2025<\/h3><div class=\"special-heading-border\"><div class=\"special-heading-inner-border\"><\/div><\/div><\/div><br \/>\n<section  class='av_textblock_section av-tsh8-46d449243428f879b996a8bce51e557e '   itemscope=\"itemscope\" itemtype=\"https:\/\/schema.org\/CreativeWork\" ><div class='avia_textblock'  itemprop=\"text\" ><blockquote>\n<p>Mai 2025<br \/>\n<strong><span style=\"color: #333333;\">Uplandsteig Wandermarathon<\/span><\/strong><br \/>\n<a href=\"https:\/\/www.ugv-willingen.de\/wandermarathon2024.html\" target=\"_blank\" rel=\"noopener\">Link zum Event<\/a><\/p>\n<p>Juni 2025<br \/>\n<strong><span style=\"color: #333333;\">GrimmSteig-Tage<\/span><\/strong><br \/>\n<a href=\"https:\/\/grimmsteig-tage.de\/\" target=\"_blank\" rel=\"noopener\">Link zum Event<\/a><\/p>\n<p>September 2025<br \/>\n<strong><span style=\"color: #333333;\">RUFF UN RUNNER<br \/>\n<\/span><\/strong>Habichtswaldsteig-Wandermarathon<br \/>\n<a href=\"https:\/\/habichtswaldsteig24.de\" target=\"_blank\" rel=\"noopener\">Link zum Event<\/a><\/p>\n<\/blockquote>\n<\/div><\/section><\/p><\/div><\/div><\/div><\/div><!-- close content main div --><\/div><\/div>\n<style type=\"text\/css\" data-created_by=\"avia_inline_auto\" id=\"style-css-av-m7yy6lcw-02be00e348b1f71af3c4848ed7147d7b\">\n.avia-section.av-m7yy6lcw-02be00e348b1f71af3c4848ed7147d7b{\nbackground-color:#444444;\nbackground-image:unset;\n}\n<\/style>\n<div id='fotogalerie'  class='avia-section av-m7yy6lcw-02be00e348b1f71af3c4848ed7147d7b main_color avia-section-default avia-no-border-styling  avia-builder-el-30  el_after_av_one_full  el_before_av_layout_row  avia-bg-style-scroll container_wrap sidebar_right'  ><div class='container av-section-cont-open' ><div class='template-page content  av-content-small alpha units'><div class='post-entry post-entry-type-page post-entry-32'><div class='entry-content-wrapper clearfix'>\n\n<style type=\"text\/css\" data-created_by=\"avia_inline_auto\" id=\"style-css-av-m7yy5vo1-9b4f4af1d89463e1ab25444ac35d509f\">\n#top .av-special-heading.av-m7yy5vo1-9b4f4af1d89463e1ab25444ac35d509f{\npadding-bottom:10px;\ncolor:rgba(255,255,255,0.55);\n}\nbody .av-special-heading.av-m7yy5vo1-9b4f4af1d89463e1ab25444ac35d509f .av-special-heading-tag .heading-char{\nfont-size:25px;\n}\n.av-special-heading.av-m7yy5vo1-9b4f4af1d89463e1ab25444ac35d509f .special-heading-inner-border{\nborder-color:rgba(255,255,255,0.55);\n}\n.av-special-heading.av-m7yy5vo1-9b4f4af1d89463e1ab25444ac35d509f .av-subheading{\nfont-size:15px;\n}\n<\/style>\n<div  class='av-special-heading av-m7yy5vo1-9b4f4af1d89463e1ab25444ac35d509f av-special-heading-h2 custom-color-heading blockquote modern-quote modern-centered  avia-builder-el-31  el_before_av_masonry_gallery  avia-builder-el-no-sibling '><h2 class='av-special-heading-tag '  itemprop=\"headline\"  >Fotogalerie<\/h2><div class=\"special-heading-border\"><div class=\"special-heading-inner-border\"><\/div><\/div><\/div>\n\n<style type=\"text\/css\" data-created_by=\"avia_inline_auto\" id=\"style-css-av-1ouos-eff964a082c2c059007e6d7fc4cd3960\">\n#top .av-masonry.av-1ouos-eff964a082c2c059007e6d7fc4cd3960{\nbackground-color:#444444;\n}\n<\/style>\n<div id='av-masonry-1' class='av-masonry av-1ouos-eff964a082c2c059007e6d7fc4cd3960 noHover av-flex-size av-large-gap av-hover-overlay-active av-masonry-animation-active av-masonry-col-4 av-caption-on-hover av-caption-style-overlay av-masonry-gallery ' data-post_id=\"32\"><div class=\"av-masonry-container isotope av-js-disabled\"><div class='av-masonry-entry isotope-item av-masonry-item-no-image '><\/div><a href=\"https:\/\/wanderverband-hessen.de\/hwghv\/wp-content\/uploads\/sites\/2\/2024\/06\/Wegfindung-845x1030.webp\" data-srcset=\"https:\/\/wanderverband-hessen.de\/hwghv\/wp-content\/uploads\/sites\/2\/2024\/06\/Wegfindung-845x1030.webp 845w, https:\/\/wanderverband-hessen.de\/hwghv\/wp-content\/uploads\/sites\/2\/2024\/06\/Wegfindung-246x300.webp 246w, https:\/\/wanderverband-hessen.de\/hwghv\/wp-content\/uploads\/sites\/2\/2024\/06\/Wegfindung-768x936.webp 768w, https:\/\/wanderverband-hessen.de\/hwghv\/wp-content\/uploads\/sites\/2\/2024\/06\/Wegfindung-1260x1536.webp 1260w, https:\/\/wanderverband-hessen.de\/hwghv\/wp-content\/uploads\/sites\/2\/2024\/06\/Wegfindung-1680x2048.webp 1680w, https:\/\/wanderverband-hessen.de\/hwghv\/wp-content\/uploads\/sites\/2\/2024\/06\/Wegfindung-1231x1500.webp 1231w, https:\/\/wanderverband-hessen.de\/hwghv\/wp-content\/uploads\/sites\/2\/2024\/06\/Wegfindung-578x705.webp 578w, https:\/\/wanderverband-hessen.de\/hwghv\/wp-content\/uploads\/sites\/2\/2024\/06\/Wegfindung.webp 1746w\" data-sizes=\"(max-width: 845px) 100vw, 845px\"  aria-label=\"Bild Wegfindung\"  id='av-masonry-1-item-183' data-av-masonry-item='183' class='av-masonry-entry isotope-item post-183 attachment type-attachment status-inherit hentry  av-masonry-item-with-image' title=\"Wegfindung\" alt=\"\"    itemprop=\"thumbnailUrl\" ><div class='av-inner-masonry-sizer'><\/div><figure class='av-inner-masonry main_color'><div class=\"av-masonry-outerimage-container\"><div class='av-masonry-image-container'  ><img decoding=\"async\" width=\"578\" height=\"705\" fetchpriority=\"high\" class=\"wp-image-183 avia-img-lazy-loading-not-183\"  src=\"https:\/\/wanderverband-hessen.de\/hwghv\/wp-content\/uploads\/sites\/2\/2024\/06\/Wegfindung-578x705.webp\" title=\"Wegfindung\" alt=\"\" srcset=\"https:\/\/wanderverband-hessen.de\/hwghv\/wp-content\/uploads\/sites\/2\/2024\/06\/Wegfindung-578x705.webp 578w, https:\/\/wanderverband-hessen.de\/hwghv\/wp-content\/uploads\/sites\/2\/2024\/06\/Wegfindung-246x300.webp 246w, https:\/\/wanderverband-hessen.de\/hwghv\/wp-content\/uploads\/sites\/2\/2024\/06\/Wegfindung-845x1030.webp 845w, https:\/\/wanderverband-hessen.de\/hwghv\/wp-content\/uploads\/sites\/2\/2024\/06\/Wegfindung-768x936.webp 768w, https:\/\/wanderverband-hessen.de\/hwghv\/wp-content\/uploads\/sites\/2\/2024\/06\/Wegfindung-1260x1536.webp 1260w, https:\/\/wanderverband-hessen.de\/hwghv\/wp-content\/uploads\/sites\/2\/2024\/06\/Wegfindung-1680x2048.webp 1680w, https:\/\/wanderverband-hessen.de\/hwghv\/wp-content\/uploads\/sites\/2\/2024\/06\/Wegfindung-1231x1500.webp 1231w, https:\/\/wanderverband-hessen.de\/hwghv\/wp-content\/uploads\/sites\/2\/2024\/06\/Wegfindung.webp 1746w\" sizes=\"(max-width: 578px) 100vw, 578px\" \/><\/div><\/div><figcaption class='av-inner-masonry-content site-background'><div class='av-inner-masonry-content-pos'><div class='av-inner-masonry-content-pos-content'><div class='avia-arrow'><\/div><\/div><\/div><\/figcaption><\/figure><\/a><!--end av-masonry entry--><a href=\"https:\/\/wanderverband-hessen.de\/hwghv\/wp-content\/uploads\/sites\/2\/2024\/06\/Wandern-im-Verein-1030x685.jpg\" data-srcset=\"https:\/\/wanderverband-hessen.de\/hwghv\/wp-content\/uploads\/sites\/2\/2024\/06\/Wandern-im-Verein-1030x685.jpg 1030w, https:\/\/wanderverband-hessen.de\/hwghv\/wp-content\/uploads\/sites\/2\/2024\/06\/Wandern-im-Verein-300x199.jpg 300w, https:\/\/wanderverband-hessen.de\/hwghv\/wp-content\/uploads\/sites\/2\/2024\/06\/Wandern-im-Verein-768x511.jpg 768w, https:\/\/wanderverband-hessen.de\/hwghv\/wp-content\/uploads\/sites\/2\/2024\/06\/Wandern-im-Verein-1500x997.jpg 1500w, https:\/\/wanderverband-hessen.de\/hwghv\/wp-content\/uploads\/sites\/2\/2024\/06\/Wandern-im-Verein-705x469.jpg 705w, https:\/\/wanderverband-hessen.de\/hwghv\/wp-content\/uploads\/sites\/2\/2024\/06\/Wandern-im-Verein.jpg 1536w\" data-sizes=\"(max-width: 1030px) 100vw, 1030px\"  aria-label=\"Bild Wandern-im-Verein\"  id='av-masonry-1-item-341' data-av-masonry-item='341' class='av-masonry-entry isotope-item post-341 attachment type-attachment status-inherit hentry  av-masonry-item-with-image' title=\"Wandern-im-Verein\" alt=\"\"    itemprop=\"thumbnailUrl\" ><div class='av-inner-masonry-sizer'><\/div><figure class='av-inner-masonry main_color'><div class=\"av-masonry-outerimage-container\"><div class='av-masonry-image-container'  ><img decoding=\"async\" width=\"705\" height=\"469\" fetchpriority=\"high\" class=\"wp-image-341 avia-img-lazy-loading-not-341\"  src=\"https:\/\/wanderverband-hessen.de\/hwghv\/wp-content\/uploads\/sites\/2\/2024\/06\/Wandern-im-Verein-705x469.jpg\" title=\"Wandern-im-Verein\" alt=\"\" srcset=\"https:\/\/wanderverband-hessen.de\/hwghv\/wp-content\/uploads\/sites\/2\/2024\/06\/Wandern-im-Verein-705x469.jpg 705w, https:\/\/wanderverband-hessen.de\/hwghv\/wp-content\/uploads\/sites\/2\/2024\/06\/Wandern-im-Verein-300x199.jpg 300w, https:\/\/wanderverband-hessen.de\/hwghv\/wp-content\/uploads\/sites\/2\/2024\/06\/Wandern-im-Verein-1030x685.jpg 1030w, https:\/\/wanderverband-hessen.de\/hwghv\/wp-content\/uploads\/sites\/2\/2024\/06\/Wandern-im-Verein-768x511.jpg 768w, https:\/\/wanderverband-hessen.de\/hwghv\/wp-content\/uploads\/sites\/2\/2024\/06\/Wandern-im-Verein-1500x997.jpg 1500w, https:\/\/wanderverband-hessen.de\/hwghv\/wp-content\/uploads\/sites\/2\/2024\/06\/Wandern-im-Verein.jpg 1536w\" sizes=\"(max-width: 705px) 100vw, 705px\" \/><\/div><\/div><figcaption class='av-inner-masonry-content site-background'><div class='av-inner-masonry-content-pos'><div class='av-inner-masonry-content-pos-content'><div class='avia-arrow'><\/div><\/div><\/div><\/figcaption><\/figure><\/a><!--end av-masonry entry--><a href=\"https:\/\/wanderverband-hessen.de\/hwghv\/wp-content\/uploads\/sites\/2\/2024\/06\/IMG_4519.jpeg\" data-srcset=\"https:\/\/wanderverband-hessen.de\/hwghv\/wp-content\/uploads\/sites\/2\/2024\/06\/IMG_4519.jpeg 640w, https:\/\/wanderverband-hessen.de\/hwghv\/wp-content\/uploads\/sites\/2\/2024\/06\/IMG_4519-300x225.jpeg 300w\" data-sizes=\"(max-width: 640px) 100vw, 640px\"  aria-label=\"Bild IMG_4519\"  id='av-masonry-1-item-363' data-av-masonry-item='363' class='av-masonry-entry isotope-item post-363 attachment type-attachment status-inherit hentry  av-masonry-item-with-image' title=\"IMG_4519\" alt=\"\"    itemprop=\"thumbnailUrl\" ><div class='av-inner-masonry-sizer'><\/div><figure class='av-inner-masonry main_color'><div class=\"av-masonry-outerimage-container\"><div class='av-masonry-image-container'  ><img decoding=\"async\" width=\"640\" height=\"480\" fetchpriority=\"high\" class=\"wp-image-363 avia-img-lazy-loading-not-363\"  src=\"https:\/\/wanderverband-hessen.de\/hwghv\/wp-content\/uploads\/sites\/2\/2024\/06\/IMG_4519.jpeg\" title=\"IMG_4519\" alt=\"\" srcset=\"https:\/\/wanderverband-hessen.de\/hwghv\/wp-content\/uploads\/sites\/2\/2024\/06\/IMG_4519.jpeg 640w, https:\/\/wanderverband-hessen.de\/hwghv\/wp-content\/uploads\/sites\/2\/2024\/06\/IMG_4519-300x225.jpeg 300w\" sizes=\"(max-width: 640px) 100vw, 640px\" \/><\/div><\/div><figcaption class='av-inner-masonry-content site-background'><div class='av-inner-masonry-content-pos'><div class='av-inner-masonry-content-pos-content'><div class='avia-arrow'><\/div><\/div><\/div><\/figcaption><\/figure><\/a><!--end av-masonry entry--><a href=\"https:\/\/wanderverband-hessen.de\/hwghv\/wp-content\/uploads\/sites\/2\/2024\/06\/IMG_4370-1030x772.jpeg\" data-srcset=\"https:\/\/wanderverband-hessen.de\/hwghv\/wp-content\/uploads\/sites\/2\/2024\/06\/IMG_4370-1030x772.jpeg 1030w, https:\/\/wanderverband-hessen.de\/hwghv\/wp-content\/uploads\/sites\/2\/2024\/06\/IMG_4370-300x225.jpeg 300w, https:\/\/wanderverband-hessen.de\/hwghv\/wp-content\/uploads\/sites\/2\/2024\/06\/IMG_4370-768x576.jpeg 768w, https:\/\/wanderverband-hessen.de\/hwghv\/wp-content\/uploads\/sites\/2\/2024\/06\/IMG_4370-705x529.jpeg 705w, https:\/\/wanderverband-hessen.de\/hwghv\/wp-content\/uploads\/sites\/2\/2024\/06\/IMG_4370.jpeg 1331w\" data-sizes=\"(max-width: 1030px) 100vw, 1030px\"  aria-label=\"Bild IMG_4370\"  id='av-masonry-1-item-362' data-av-masonry-item='362' class='av-masonry-entry isotope-item post-362 attachment type-attachment status-inherit hentry  av-masonry-item-with-image' title=\"IMG_4370\" alt=\"\"    itemprop=\"thumbnailUrl\" ><div class='av-inner-masonry-sizer'><\/div><figure class='av-inner-masonry main_color'><div class=\"av-masonry-outerimage-container\"><div class='av-masonry-image-container'  ><img decoding=\"async\" width=\"705\" height=\"529\" fetchpriority=\"high\" class=\"wp-image-362 avia-img-lazy-loading-not-362\"  src=\"https:\/\/wanderverband-hessen.de\/hwghv\/wp-content\/uploads\/sites\/2\/2024\/06\/IMG_4370-705x529.jpeg\" title=\"IMG_4370\" alt=\"\" srcset=\"https:\/\/wanderverband-hessen.de\/hwghv\/wp-content\/uploads\/sites\/2\/2024\/06\/IMG_4370-705x529.jpeg 705w, https:\/\/wanderverband-hessen.de\/hwghv\/wp-content\/uploads\/sites\/2\/2024\/06\/IMG_4370-300x225.jpeg 300w, https:\/\/wanderverband-hessen.de\/hwghv\/wp-content\/uploads\/sites\/2\/2024\/06\/IMG_4370-1030x772.jpeg 1030w, https:\/\/wanderverband-hessen.de\/hwghv\/wp-content\/uploads\/sites\/2\/2024\/06\/IMG_4370-768x576.jpeg 768w, https:\/\/wanderverband-hessen.de\/hwghv\/wp-content\/uploads\/sites\/2\/2024\/06\/IMG_4370.jpeg 1331w\" sizes=\"(max-width: 705px) 100vw, 705px\" \/><\/div><\/div><figcaption class='av-inner-masonry-content site-background'><div class='av-inner-masonry-content-pos'><div class='av-inner-masonry-content-pos-content'><div class='avia-arrow'><\/div><\/div><\/div><\/figcaption><\/figure><\/a><!--end av-masonry entry--><a href=\"https:\/\/wanderverband-hessen.de\/hwghv\/wp-content\/uploads\/sites\/2\/2024\/06\/IMG_0078.jpeg\" data-srcset=\"https:\/\/wanderverband-hessen.de\/hwghv\/wp-content\/uploads\/sites\/2\/2024\/06\/IMG_0078.jpeg 640w, https:\/\/wanderverband-hessen.de\/hwghv\/wp-content\/uploads\/sites\/2\/2024\/06\/IMG_0078-300x225.jpeg 300w\" data-sizes=\"(max-width: 640px) 100vw, 640px\"  aria-label=\"Bild IMG_0078\"  id='av-masonry-1-item-361' data-av-masonry-item='361' class='av-masonry-entry isotope-item post-361 attachment type-attachment status-inherit hentry  av-masonry-item-with-image' title=\"IMG_0078\" alt=\"\"    itemprop=\"thumbnailUrl\" ><div class='av-inner-masonry-sizer'><\/div><figure class='av-inner-masonry main_color'><div class=\"av-masonry-outerimage-container\"><div class='av-masonry-image-container'  ><img decoding=\"async\" width=\"640\" height=\"480\" fetchpriority=\"high\" class=\"wp-image-361 avia-img-lazy-loading-not-361\"  src=\"https:\/\/wanderverband-hessen.de\/hwghv\/wp-content\/uploads\/sites\/2\/2024\/06\/IMG_0078.jpeg\" title=\"IMG_0078\" alt=\"\" srcset=\"https:\/\/wanderverband-hessen.de\/hwghv\/wp-content\/uploads\/sites\/2\/2024\/06\/IMG_0078.jpeg 640w, https:\/\/wanderverband-hessen.de\/hwghv\/wp-content\/uploads\/sites\/2\/2024\/06\/IMG_0078-300x225.jpeg 300w\" sizes=\"(max-width: 640px) 100vw, 640px\" \/><\/div><\/div><figcaption class='av-inner-masonry-content site-background'><div class='av-inner-masonry-content-pos'><div class='av-inner-masonry-content-pos-content'><div class='avia-arrow'><\/div><\/div><\/div><\/figcaption><\/figure><\/a><!--end av-masonry entry--><a href=\"https:\/\/wanderverband-hessen.de\/hwghv\/wp-content\/uploads\/sites\/2\/2024\/06\/IMG_4382-1030x772.jpeg\" data-srcset=\"https:\/\/wanderverband-hessen.de\/hwghv\/wp-content\/uploads\/sites\/2\/2024\/06\/IMG_4382-1030x772.jpeg 1030w, https:\/\/wanderverband-hessen.de\/hwghv\/wp-content\/uploads\/sites\/2\/2024\/06\/IMG_4382-300x225.jpeg 300w, https:\/\/wanderverband-hessen.de\/hwghv\/wp-content\/uploads\/sites\/2\/2024\/06\/IMG_4382-768x576.jpeg 768w, https:\/\/wanderverband-hessen.de\/hwghv\/wp-content\/uploads\/sites\/2\/2024\/06\/IMG_4382-705x529.jpeg 705w, https:\/\/wanderverband-hessen.de\/hwghv\/wp-content\/uploads\/sites\/2\/2024\/06\/IMG_4382.jpeg 1331w\" data-sizes=\"(max-width: 1030px) 100vw, 1030px\"  aria-label=\"Bild IMG_4382\"  id='av-masonry-1-item-360' data-av-masonry-item='360' class='av-masonry-entry isotope-item post-360 attachment type-attachment status-inherit hentry  av-masonry-item-with-image' title=\"IMG_4382\" alt=\"\"    itemprop=\"thumbnailUrl\" ><div class='av-inner-masonry-sizer'><\/div><figure class='av-inner-masonry main_color'><div class=\"av-masonry-outerimage-container\"><div class='av-masonry-image-container'  ><img decoding=\"async\" width=\"705\" height=\"529\" fetchpriority=\"high\" class=\"wp-image-360 avia-img-lazy-loading-not-360\"  src=\"https:\/\/wanderverband-hessen.de\/hwghv\/wp-content\/uploads\/sites\/2\/2024\/06\/IMG_4382-705x529.jpeg\" title=\"IMG_4382\" alt=\"\" srcset=\"https:\/\/wanderverband-hessen.de\/hwghv\/wp-content\/uploads\/sites\/2\/2024\/06\/IMG_4382-705x529.jpeg 705w, https:\/\/wanderverband-hessen.de\/hwghv\/wp-content\/uploads\/sites\/2\/2024\/06\/IMG_4382-300x225.jpeg 300w, https:\/\/wanderverband-hessen.de\/hwghv\/wp-content\/uploads\/sites\/2\/2024\/06\/IMG_4382-1030x772.jpeg 1030w, https:\/\/wanderverband-hessen.de\/hwghv\/wp-content\/uploads\/sites\/2\/2024\/06\/IMG_4382-768x576.jpeg 768w, https:\/\/wanderverband-hessen.de\/hwghv\/wp-content\/uploads\/sites\/2\/2024\/06\/IMG_4382.jpeg 1331w\" sizes=\"(max-width: 705px) 100vw, 705px\" \/><\/div><\/div><figcaption class='av-inner-masonry-content site-background'><div class='av-inner-masonry-content-pos'><div class='av-inner-masonry-content-pos-content'><div class='avia-arrow'><\/div><\/div><\/div><\/figcaption><\/figure><\/a><!--end av-masonry entry--><a href=\"https:\/\/wanderverband-hessen.de\/hwghv\/wp-content\/uploads\/sites\/2\/2024\/06\/IMG_4525.jpeg\" data-srcset=\"https:\/\/wanderverband-hessen.de\/hwghv\/wp-content\/uploads\/sites\/2\/2024\/06\/IMG_4525.jpeg 640w, https:\/\/wanderverband-hessen.de\/hwghv\/wp-content\/uploads\/sites\/2\/2024\/06\/IMG_4525-300x225.jpeg 300w\" data-sizes=\"(max-width: 640px) 100vw, 640px\"  aria-label=\"Bild IMG_4525\"  id='av-masonry-1-item-359' data-av-masonry-item='359' class='av-masonry-entry isotope-item post-359 attachment type-attachment status-inherit hentry  av-masonry-item-with-image' title=\"IMG_4525\" alt=\"\"    itemprop=\"thumbnailUrl\" ><div class='av-inner-masonry-sizer'><\/div><figure class='av-inner-masonry main_color'><div class=\"av-masonry-outerimage-container\"><div class='av-masonry-image-container'  ><img decoding=\"async\" width=\"640\" height=\"480\" fetchpriority=\"high\" class=\"wp-image-359 avia-img-lazy-loading-not-359\"  src=\"https:\/\/wanderverband-hessen.de\/hwghv\/wp-content\/uploads\/sites\/2\/2024\/06\/IMG_4525.jpeg\" title=\"IMG_4525\" alt=\"\" srcset=\"https:\/\/wanderverband-hessen.de\/hwghv\/wp-content\/uploads\/sites\/2\/2024\/06\/IMG_4525.jpeg 640w, https:\/\/wanderverband-hessen.de\/hwghv\/wp-content\/uploads\/sites\/2\/2024\/06\/IMG_4525-300x225.jpeg 300w\" sizes=\"(max-width: 640px) 100vw, 640px\" \/><\/div><\/div><figcaption class='av-inner-masonry-content site-background'><div class='av-inner-masonry-content-pos'><div class='av-inner-masonry-content-pos-content'><div class='avia-arrow'><\/div><\/div><\/div><\/figcaption><\/figure><\/a><!--end av-masonry entry--><a href=\"https:\/\/wanderverband-hessen.de\/hwghv\/wp-content\/uploads\/sites\/2\/2024\/06\/IMG_4520-1030x772.jpeg\" data-srcset=\"https:\/\/wanderverband-hessen.de\/hwghv\/wp-content\/uploads\/sites\/2\/2024\/06\/IMG_4520-1030x772.jpeg 1030w, https:\/\/wanderverband-hessen.de\/hwghv\/wp-content\/uploads\/sites\/2\/2024\/06\/IMG_4520-300x225.jpeg 300w, https:\/\/wanderverband-hessen.de\/hwghv\/wp-content\/uploads\/sites\/2\/2024\/06\/IMG_4520-768x576.jpeg 768w, https:\/\/wanderverband-hessen.de\/hwghv\/wp-content\/uploads\/sites\/2\/2024\/06\/IMG_4520-705x529.jpeg 705w, https:\/\/wanderverband-hessen.de\/hwghv\/wp-content\/uploads\/sites\/2\/2024\/06\/IMG_4520.jpeg 1331w\" data-sizes=\"(max-width: 1030px) 100vw, 1030px\"  aria-label=\"Bild IMG_4520\"  id='av-masonry-1-item-358' data-av-masonry-item='358' class='av-masonry-entry isotope-item post-358 attachment type-attachment status-inherit hentry  av-masonry-item-with-image' title=\"IMG_4520\" alt=\"\"    itemprop=\"thumbnailUrl\" ><div class='av-inner-masonry-sizer'><\/div><figure class='av-inner-masonry main_color'><div class=\"av-masonry-outerimage-container\"><div class='av-masonry-image-container'  ><img decoding=\"async\" width=\"705\" height=\"529\" fetchpriority=\"high\" class=\"wp-image-358 avia-img-lazy-loading-not-358\"  src=\"https:\/\/wanderverband-hessen.de\/hwghv\/wp-content\/uploads\/sites\/2\/2024\/06\/IMG_4520-705x529.jpeg\" title=\"IMG_4520\" alt=\"\" srcset=\"https:\/\/wanderverband-hessen.de\/hwghv\/wp-content\/uploads\/sites\/2\/2024\/06\/IMG_4520-705x529.jpeg 705w, https:\/\/wanderverband-hessen.de\/hwghv\/wp-content\/uploads\/sites\/2\/2024\/06\/IMG_4520-300x225.jpeg 300w, https:\/\/wanderverband-hessen.de\/hwghv\/wp-content\/uploads\/sites\/2\/2024\/06\/IMG_4520-1030x772.jpeg 1030w, https:\/\/wanderverband-hessen.de\/hwghv\/wp-content\/uploads\/sites\/2\/2024\/06\/IMG_4520-768x576.jpeg 768w, https:\/\/wanderverband-hessen.de\/hwghv\/wp-content\/uploads\/sites\/2\/2024\/06\/IMG_4520.jpeg 1331w\" sizes=\"(max-width: 705px) 100vw, 705px\" \/><\/div><\/div><figcaption class='av-inner-masonry-content site-background'><div class='av-inner-masonry-content-pos'><div class='av-inner-masonry-content-pos-content'><div class='avia-arrow'><\/div><\/div><\/div><\/figcaption><\/figure><\/a><!--end av-masonry entry--><a href=\"https:\/\/wanderverband-hessen.de\/hwghv\/wp-content\/uploads\/sites\/2\/2024\/06\/IMG_4404.jpeg\" data-srcset=\"https:\/\/wanderverband-hessen.de\/hwghv\/wp-content\/uploads\/sites\/2\/2024\/06\/IMG_4404.jpeg 640w, https:\/\/wanderverband-hessen.de\/hwghv\/wp-content\/uploads\/sites\/2\/2024\/06\/IMG_4404-300x225.jpeg 300w\" data-sizes=\"(max-width: 640px) 100vw, 640px\"  aria-label=\"Bild IMG_4404\"  id='av-masonry-1-item-357' data-av-masonry-item='357' class='av-masonry-entry isotope-item post-357 attachment type-attachment status-inherit hentry  av-masonry-item-with-image' title=\"IMG_4404\" alt=\"\"    itemprop=\"thumbnailUrl\" ><div class='av-inner-masonry-sizer'><\/div><figure class='av-inner-masonry main_color'><div class=\"av-masonry-outerimage-container\"><div class='av-masonry-image-container'  ><img decoding=\"async\" width=\"640\" height=\"480\" fetchpriority=\"high\" class=\"wp-image-357 avia-img-lazy-loading-not-357\"  src=\"https:\/\/wanderverband-hessen.de\/hwghv\/wp-content\/uploads\/sites\/2\/2024\/06\/IMG_4404.jpeg\" title=\"IMG_4404\" alt=\"\" srcset=\"https:\/\/wanderverband-hessen.de\/hwghv\/wp-content\/uploads\/sites\/2\/2024\/06\/IMG_4404.jpeg 640w, https:\/\/wanderverband-hessen.de\/hwghv\/wp-content\/uploads\/sites\/2\/2024\/06\/IMG_4404-300x225.jpeg 300w\" sizes=\"(max-width: 640px) 100vw, 640px\" \/><\/div><\/div><figcaption class='av-inner-masonry-content site-background'><div class='av-inner-masonry-content-pos'><div class='av-inner-masonry-content-pos-content'><div class='avia-arrow'><\/div><\/div><\/div><\/figcaption><\/figure><\/a><!--end av-masonry entry--><a href=\"https:\/\/wanderverband-hessen.de\/hwghv\/wp-content\/uploads\/sites\/2\/2024\/06\/IMG_4424-1030x772.jpeg\" data-srcset=\"https:\/\/wanderverband-hessen.de\/hwghv\/wp-content\/uploads\/sites\/2\/2024\/06\/IMG_4424-1030x772.jpeg 1030w, https:\/\/wanderverband-hessen.de\/hwghv\/wp-content\/uploads\/sites\/2\/2024\/06\/IMG_4424-300x225.jpeg 300w, https:\/\/wanderverband-hessen.de\/hwghv\/wp-content\/uploads\/sites\/2\/2024\/06\/IMG_4424-768x576.jpeg 768w, https:\/\/wanderverband-hessen.de\/hwghv\/wp-content\/uploads\/sites\/2\/2024\/06\/IMG_4424-705x529.jpeg 705w, https:\/\/wanderverband-hessen.de\/hwghv\/wp-content\/uploads\/sites\/2\/2024\/06\/IMG_4424.jpeg 1331w\" data-sizes=\"(max-width: 1030px) 100vw, 1030px\"  aria-label=\"Bild IMG_4424\"  id='av-masonry-1-item-356' data-av-masonry-item='356' class='av-masonry-entry isotope-item post-356 attachment type-attachment status-inherit hentry  av-masonry-item-with-image' title=\"IMG_4424\" alt=\"\"    itemprop=\"thumbnailUrl\" ><div class='av-inner-masonry-sizer'><\/div><figure class='av-inner-masonry main_color'><div class=\"av-masonry-outerimage-container\"><div class='av-masonry-image-container'  ><img decoding=\"async\" width=\"705\" height=\"529\" fetchpriority=\"high\" class=\"wp-image-356 avia-img-lazy-loading-not-356\"  src=\"https:\/\/wanderverband-hessen.de\/hwghv\/wp-content\/uploads\/sites\/2\/2024\/06\/IMG_4424-705x529.jpeg\" title=\"IMG_4424\" alt=\"\" srcset=\"https:\/\/wanderverband-hessen.de\/hwghv\/wp-content\/uploads\/sites\/2\/2024\/06\/IMG_4424-705x529.jpeg 705w, https:\/\/wanderverband-hessen.de\/hwghv\/wp-content\/uploads\/sites\/2\/2024\/06\/IMG_4424-300x225.jpeg 300w, https:\/\/wanderverband-hessen.de\/hwghv\/wp-content\/uploads\/sites\/2\/2024\/06\/IMG_4424-1030x772.jpeg 1030w, https:\/\/wanderverband-hessen.de\/hwghv\/wp-content\/uploads\/sites\/2\/2024\/06\/IMG_4424-768x576.jpeg 768w, https:\/\/wanderverband-hessen.de\/hwghv\/wp-content\/uploads\/sites\/2\/2024\/06\/IMG_4424.jpeg 1331w\" sizes=\"(max-width: 705px) 100vw, 705px\" \/><\/div><\/div><figcaption class='av-inner-masonry-content site-background'><div class='av-inner-masonry-content-pos'><div class='av-inner-masonry-content-pos-content'><div class='avia-arrow'><\/div><\/div><\/div><\/figcaption><\/figure><\/a><!--end av-masonry entry--><\/div><\/div>\n<\/p>\n<\/div><\/div><\/div><!-- close content main div --><\/div><\/div><div id='kontaktpersonen'  class='av-layout-grid-container av-m7yye36o-f118dfbf99795687679e3b370dfe08eb entry-content-wrapper main_color av-flex-cells  avia-builder-el-33  el_after_av_section  el_before_av_section  grid-row-not-first  container_wrap sidebar_right'  >\n<div class='flex_cell av-1ps3k-f0cf3aad71df4eac03fcb09597989dae av-gridrow-cell av_one_half no_margin  avia-builder-el-34  el_before_av_cell_one_half  avia-builder-el-first '  ><div class='flex_cell_inner'><div  class='avia-icon-list-container av-m7yynwj9-44224e43b5d4cb7776447b4acc6b0301  avia-builder-el-35  avia-builder-el-no-sibling '><ul class='avia-icon-list avia_animate_when_almost_visible avia-icon-list-left av-iconlist-big av-m7yynwj9-44224e43b5d4cb7776447b4acc6b0301 avia-iconlist-animate'>\n<li><div class='iconlist_icon av-m7yynuyi-b856e69a2d3f97fa6a516ee38d87f0bf avia-font-svg_entypo-fontello avia-svg-icon avia-font-svg_entypo-fontello'><span class='av-icon-char' data-av_svg_icon='info' data-av_iconset='svg_entypo-fontello'><svg version=\"1.1\" xmlns=\"http:\/\/www.w3.org\/2000\/svg\" width=\"15\" height=\"32\" viewBox=\"0 0 15 32\" preserveAspectRatio=\"xMidYMid meet\" aria-labelledby='av-svg-title-3' aria-describedby='av-svg-desc-3' role=\"graphics-symbol\" aria-hidden=\"true\">\n<title id='av-svg-title-3'>Info<\/title>\n<desc id='av-svg-desc-3'>Info<\/desc>\n<path d=\"M11.264 0q1.536 0 2.368 0.864t0.832 2.208q0 1.6-1.248 2.816t-3.040 1.216q-1.536 0-2.368-0.832t-0.768-2.304q0-1.472 1.12-2.72t3.104-1.248zM4.672 32q-3.2 0-1.728-5.696l1.92-8.128q0.448-1.792 0-1.792-0.384 0-1.728 0.576t-2.304 1.216l-0.832-1.408q2.88-2.496 6.048-4.032t4.832-1.536q2.496 0 1.152 5.184l-2.24 8.512q-0.512 2.048 0.192 2.048 1.408 0 3.776-1.92l0.96 1.28q-2.688 2.752-5.6 4.224t-4.448 1.472z\"><\/path>\n<\/svg><\/span><\/div><article class=\"article-icon-entry \"  itemscope=\"itemscope\" itemtype=\"https:\/\/schema.org\/CreativeWork\" ><div class=\"iconlist_content_wrap\"><header class=\"entry-content-header\" aria-label=\"Icon: Vorsitzender\"><h4 class='av_iconlist_title iconlist_title  '  itemprop=\"headline\" >Vorsitzender<\/h4><\/header><div class='iconlist_content '  itemprop=\"text\" ><p>Michael Martin-Leck<br \/>\n<a href=\"mailto:vorsitzender@wandern-hwghv.de\">vorsitzender@wandern-hwghv.de<\/a><\/p>\n<\/div><\/div><footer class=\"entry-footer\"><\/footer><\/article><div class=\"iconlist-timeline\"><\/div><\/li>\n<li><div class='iconlist_icon av-25spw-90df0f81ad25dd947c3b8ad718c2c6c9 avia-font-svg_entypo-fontello avia-svg-icon avia-font-svg_entypo-fontello'><span class='av-icon-char' data-av_svg_icon='info' data-av_iconset='svg_entypo-fontello'><svg version=\"1.1\" xmlns=\"http:\/\/www.w3.org\/2000\/svg\" width=\"15\" height=\"32\" viewBox=\"0 0 15 32\" preserveAspectRatio=\"xMidYMid meet\" aria-labelledby='av-svg-title-4' aria-describedby='av-svg-desc-4' role=\"graphics-symbol\" aria-hidden=\"true\">\n<title id='av-svg-title-4'>Info<\/title>\n<desc id='av-svg-desc-4'>Info<\/desc>\n<path d=\"M11.264 0q1.536 0 2.368 0.864t0.832 2.208q0 1.6-1.248 2.816t-3.040 1.216q-1.536 0-2.368-0.832t-0.768-2.304q0-1.472 1.12-2.72t3.104-1.248zM4.672 32q-3.2 0-1.728-5.696l1.92-8.128q0.448-1.792 0-1.792-0.384 0-1.728 0.576t-2.304 1.216l-0.832-1.408q2.88-2.496 6.048-4.032t4.832-1.536q2.496 0 1.152 5.184l-2.24 8.512q-0.512 2.048 0.192 2.048 1.408 0 3.776-1.92l0.96 1.28q-2.688 2.752-5.6 4.224t-4.448 1.472z\"><\/path>\n<\/svg><\/span><\/div><article class=\"article-icon-entry \"  itemscope=\"itemscope\" itemtype=\"https:\/\/schema.org\/CreativeWork\" ><div class=\"iconlist_content_wrap\"><header class=\"entry-content-header\" aria-label=\"Icon: Hauptwegeausschuss\"><h4 class='av_iconlist_title iconlist_title  '  itemprop=\"headline\" >Hauptwegeausschuss<\/h4><\/header><div class='iconlist_content '  itemprop=\"text\" ><p>J\u00f6rg Schmahl<br \/>\n<a href=\"mailto:wegewart@wandern-hwghv.de\">wegewart@wandern-hwghv.de<\/a><\/p>\n<\/div><\/div><footer class=\"entry-footer\"><\/footer><\/article><div class=\"iconlist-timeline\"><\/div><\/li>\n<\/ul><\/div>\n<\/div><\/div><div class='flex_cell av-165p0-94706ed1a3eac71ebd1487defb5336c3 av-gridrow-cell av_one_half no_margin  avia-builder-el-36  el_after_av_cell_one_half  avia-builder-el-last '  ><div class='flex_cell_inner'>\n<style type=\"text\/css\" data-created_by=\"avia_inline_auto\" id=\"style-css-av-bdeg8-a94e278f38ee39f5e83d1a929ffdb705\">\n.flex_column.av-bdeg8-a94e278f38ee39f5e83d1a929ffdb705{\npadding:55px 55px 55px 55px;\nbackground-color:#d8d8d8;\n}\n<\/style>\n<div  class='flex_column av-bdeg8-a94e278f38ee39f5e83d1a929ffdb705 av_one_full  avia-builder-el-37  avia-builder-el-no-sibling  first flex_column_div  '     ><style type=\"text\/css\" data-created_by=\"avia_inline_auto\" id=\"style-css-av-90wjw-ca984fba3c05f91ce78c4082e8919127\">\n.iconbox.av-90wjw-ca984fba3c05f91ce78c4082e8919127 .iconbox_icon{\ncolor:#7aba48;\n}\n.iconbox.av-90wjw-ca984fba3c05f91ce78c4082e8919127 .iconbox_icon.avia-svg-icon svg:first-child{\nfill:#7aba48;\nstroke:#7aba48;\n}\n<\/style>\n<article  class='iconbox iconbox_left av-90wjw-ca984fba3c05f91ce78c4082e8919127  avia-builder-el-38  avia-builder-el-no-sibling '  itemscope=\"itemscope\" itemtype=\"https:\/\/schema.org\/CreativeWork\" ><div class=\"iconbox_content\"><header class=\"entry-content-header\" aria-label=\"Icon: Presse\"><div class='iconbox_icon heading-color avia-iconfont avia-font-entypo-fontello' data-av_icon='\ue80f' data-av_iconfont='entypo-fontello' title=\"Presse\" desc=\"Presse\" ><\/div><h3 class='iconbox_content_title '  itemprop=\"headline\" ><a href='https:\/\/wanderverband-hessen.de\/hwghv\/aktuell\/' title='Presse'  >Presse<\/a><\/h3><\/header><div class='iconbox_content_container '  itemprop=\"text\" ><p style=\"text-align: left;\">Ihr Ansprechpartner f\u00fcr Presse und \u00d6ffentlichkeitsarbeit:<br \/>\nGerald Schmidtkunz<br \/>\n<a href=\"mailto:gerald.schmidtkunz@gmail.com\">gerald.schmidtkunz@gmail.com<\/a><\/p>\n<\/div><\/div><footer class=\"entry-footer\"><\/footer><\/article><\/div>\n<\/div><\/div>\n<\/div>\n\n<style type=\"text\/css\" data-created_by=\"avia_inline_auto\" id=\"style-css-av-w6cw-1000f2817e9a5abdfd58d6b179541bea\">\n.avia-section.av-w6cw-1000f2817e9a5abdfd58d6b179541bea{\nbackground-color:#eeeeee;\nbackground-image:unset;\n}\n<\/style>\n<div id='av_section_7'  class='avia-section av-w6cw-1000f2817e9a5abdfd58d6b179541bea main_color avia-section-default avia-no-border-styling  avia-builder-el-39  el_after_av_layout_row  avia-builder-el-last  avia-bg-style-scroll container_wrap sidebar_right'  ><div class='container av-section-cont-open' ><div class='template-page content  av-content-small alpha units'><div class='post-entry post-entry-type-page post-entry-32'><div class='entry-content-wrapper clearfix'><\/div><\/div><\/div><!-- close content main div --><\/div><\/div><div id='after_section_7'  class='main_color av_default_container_wrap container_wrap sidebar_right'  ><div class='container av-section-cont-open' ><div class='template-page content  av-content-small alpha units'><div class='post-entry post-entry-type-page post-entry-32'><div class='entry-content-wrapper clearfix'>\n","protected":false},"excerpt":{"rendered":"","protected":false},"author":1,"featured_media":0,"parent":0,"menu_order":0,"comment_status":"closed","ping_status":"closed","template":"","meta":{"footnotes":""},"class_list":["post-32","page","type-page","status-publish","hentry"],"_links":{"self":[{"href":"https:\/\/wanderverband-hessen.de\/hwghv\/wp-json\/wp\/v2\/pages\/32","targetHints":{"allow":["GET"]}}],"collection":[{"href":"https:\/\/wanderverband-hessen.de\/hwghv\/wp-json\/wp\/v2\/pages"}],"about":[{"href":"https:\/\/wanderverband-hessen.de\/hwghv\/wp-json\/wp\/v2\/types\/page"}],"author":[{"embeddable":true,"href":"https:\/\/wanderverband-hessen.de\/hwghv\/wp-json\/wp\/v2\/users\/1"}],"replies":[{"embeddable":true,"href":"https:\/\/wanderverband-hessen.de\/hwghv\/wp-json\/wp\/v2\/comments?post=32"}],"version-history":[{"count":665,"href":"https:\/\/wanderverband-hessen.de\/hwghv\/wp-json\/wp\/v2\/pages\/32\/revisions"}],"predecessor-version":[{"id":1073,"href":"https:\/\/wanderverband-hessen.de\/hwghv\/wp-json\/wp\/v2\/pages\/32\/revisions\/1073"}],"wp:attachment":[{"href":"https:\/\/wanderverband-hessen.de\/hwghv\/wp-json\/wp\/v2\/media?parent=32"}],"curies":[{"name":"wp","href":"https:\/\/api.w.org\/{rel}","templated":true}]}}